{"id":3273,"date":"2019-10-15T17:43:15","date_gmt":"2019-10-15T15:43:15","guid":{"rendered":"https:\/\/www.lajarbelle.com\/?page_id=3273"},"modified":"2022-12-10T17:45:01","modified_gmt":"2022-12-10T16:45:01","slug":"news-2","status":"publish","type":"page","link":"https:\/\/www.lajarbelle.com\/index.php\/bienvenue-gite-la-jarbelle-les-orres\/news-2\/","title":{"rendered":"News"},"content":{"rendered":"\t\t<div data-elementor-type=\"wp-page\" data-elementor-id=\"3273\" class=\"elementor elementor-3273\" data-elementor-post-type=\"page\">\n\t\t\t\t\t\t<section class=\"elementor-section elementor-top-section elementor-element elementor-element-9e5ae40 elementor-section-boxed elementor-section-height-default elementor-section-height-default\" data-id=\"9e5ae40\" data-element_type=\"section\" data-e-type=\"section\">\n\t\t\t\t\t\t<div class=\"elementor-container elementor-column-gap-default\">\n\t\t\t\t\t<div class=\"elementor-column elementor-col-100 elementor-top-column elementor-element elementor-element-9e451a8\" data-id=\"9e451a8\" data-element_type=\"column\" data-e-type=\"column\">\n\t\t\t<div class=\"elementor-widget-wrap elementor-element-populated\">\n\t\t\t\t\t\t<div class=\"elementor-element elementor-element-8e9c94d elementor-drop-cap-yes elementor-drop-cap-view-default elementor-widget elementor-widget-text-editor\" data-id=\"8e9c94d\" data-element_type=\"widget\" data-e-type=\"widget\" data-settings=\"{&quot;drop_cap&quot;:&quot;yes&quot;}\" data-widget_type=\"text-editor.default\">\n\t\t\t\t<div class=\"elementor-widget-container\">\n\t\t\t\t\t\t\t\t\t<p>Suivez toutes les infos des Orres et du bassin de la Durance sur une seule page.<\/p>\t\t\t\t\t\t\t\t<\/div>\n\t\t\t\t<\/div>\n\t\t\t\t\t<\/div>\n\t\t<\/div>\n\t\t\t\t\t<\/div>\n\t\t<\/section>\n\t\t<div class=\"elementor-element elementor-element-33d317d e-flex e-con-boxed e-con e-parent\" data-id=\"33d317d\" data-element_type=\"container\" data-e-type=\"container\">\n\t\t\t\t\t<div class=\"e-con-inner\">\n\t\t\t\t<div class=\"elementor-element elementor-element-76db5dd elementor-grid-3 elementor-grid-tablet-2 elementor-grid-mobile-1 elementor-posts--thumbnail-top elementor-card-shadow-yes elementor-posts__hover-gradient elementor-widget elementor-widget-posts\" data-id=\"76db5dd\" data-element_type=\"widget\" data-e-type=\"widget\" data-settings=\"{&quot;cards_columns&quot;:&quot;3&quot;,&quot;cards_columns_tablet&quot;:&quot;2&quot;,&quot;cards_columns_mobile&quot;:&quot;1&quot;,&quot;cards_row_gap&quot;:{&quot;unit&quot;:&quot;px&quot;,&quot;size&quot;:35,&quot;sizes&quot;:[]},&quot;cards_row_gap_tablet&quot;:{&quot;unit&quot;:&quot;px&quot;,&quot;size&quot;:&quot;&quot;,&quot;sizes&quot;:[]},&quot;cards_row_gap_mobile&quot;:{&quot;unit&quot;:&quot;px&quot;,&quot;size&quot;:&quot;&quot;,&quot;sizes&quot;:[]}}\" data-widget_type=\"posts.cards\">\n\t\t\t\t<div class=\"elementor-widget-container\">\n\t\t\t\t\t\t\t<div class=\"elementor-posts-container elementor-posts elementor-posts--skin-cards elementor-grid\" role=\"list\">\n\t\t\t\t<article class=\"elementor-post elementor-grid-item post-9668 post type-post status-publish format-standard has-post-thumbnail hentry category-attractions category-culture-divertissements category-info-generale category-sports-hiver category-vacances tag-animations tag-closing tag-festif tag-neige tag-ski tag-waterslide\" role=\"listitem\">\n\t\t\t<div class=\"elementor-post__card\">\n\t\t\t\t<a class=\"elementor-post__thumbnail__link\" href=\"https:\/\/www.lajarbelle.com\/index.php\/2026\/03\/20\/close-the-dorres-le-04-avril-2026\/\" tabindex=\"-1\" target=\"_blank\"><div class=\"elementor-post__thumbnail\"><img fetchpriority=\"high\" decoding=\"async\" width=\"210\" height=\"300\" src=\"https:\/\/www.lajarbelle.com\/wp-content\/uploads\/2026\/03\/img5499-210x300.jpeg\" class=\"attachment-medium size-medium wp-image-9669\" alt=\"\" srcset=\"https:\/\/www.lajarbelle.com\/wp-content\/uploads\/2026\/03\/img5499-210x300.jpeg 210w, https:\/\/www.lajarbelle.com\/wp-content\/uploads\/2026\/03\/img5499-8x12.jpeg 8w, https:\/\/www.lajarbelle.com\/wp-content\/uploads\/2026\/03\/img5499.jpeg 629w\" sizes=\"(max-width: 210px) 100vw, 210px\" \/><\/div><\/a>\n\t\t\t\t<div class=\"elementor-post__badge\">Attractions<\/div>\n\t\t\t\t<div class=\"elementor-post__text\">\n\t\t\t\t<h3 class=\"elementor-post__title\">\n\t\t\t<a href=\"https:\/\/www.lajarbelle.com\/index.php\/2026\/03\/20\/close-the-dorres-le-04-avril-2026\/\" target=&quot;_blank&quot;>\n\t\t\t\tClose the d&rsquo;Orres &#8211; le WE du 04 avril 2026\t\t\t<\/a>\n\t\t<\/h3>\n\t\t\t\t<div class=\"elementor-post__excerpt\">\n\t\t\t<p>Journ\u00e9e et soir\u00e9e festives pour cl\u00f4turer la saison de ski en beaut\u00e9 ! L&rsquo;hiver est fini, c&rsquo;est le\u00a0dernier week-end d&rsquo;ouverture\u00a0de la station ! Pour\u00a0cl\u00f4turer\u00a0cette\u00a0belle saison<\/p>\n\t\t<\/div>\n\t\t\n\t\t<a class=\"elementor-post__read-more\" href=\"https:\/\/www.lajarbelle.com\/index.php\/2026\/03\/20\/close-the-dorres-le-04-avril-2026\/\" aria-label=\"En savoir plus sur Close the d&rsquo;Orres &#8211; le WE du 04 avril 2026\" tabindex=\"-1\" target=\"_blank\">\n\t\t\tLire la suite \u00bb\t\t<\/a>\n\n\t\t\t\t<\/div>\n\t\t\t\t\t<\/div>\n\t\t<\/article>\n\t\t\t\t<article class=\"elementor-post elementor-grid-item post-9576 post type-post status-publish format-standard has-post-thumbnail hentry category-attractions category-culture-divertissements category-info-generale category-sports-hiver category-vacances\" role=\"listitem\">\n\t\t\t<div class=\"elementor-post__card\">\n\t\t\t\t<a class=\"elementor-post__thumbnail__link\" href=\"https:\/\/www.lajarbelle.com\/index.php\/2025\/11\/04\/vivez-la-magie-des-fetes-de-fin-dannee-et-de-noel-aux-orres\/\" tabindex=\"-1\" target=\"_blank\"><div class=\"elementor-post__thumbnail\"><img decoding=\"async\" width=\"300\" height=\"126\" src=\"https:\/\/www.lajarbelle.com\/wp-content\/uploads\/2025\/11\/1920x1080-les-orres-feeries-d-hiver-2025-300x126.jpg\" class=\"attachment-medium size-medium wp-image-9578\" alt=\"\" srcset=\"https:\/\/www.lajarbelle.com\/wp-content\/uploads\/2025\/11\/1920x1080-les-orres-feeries-d-hiver-2025-300x126.jpg 300w, https:\/\/www.lajarbelle.com\/wp-content\/uploads\/2025\/11\/1920x1080-les-orres-feeries-d-hiver-2025-1024x431.jpg 1024w, https:\/\/www.lajarbelle.com\/wp-content\/uploads\/2025\/11\/1920x1080-les-orres-feeries-d-hiver-2025-768x323.jpg 768w, https:\/\/www.lajarbelle.com\/wp-content\/uploads\/2025\/11\/1920x1080-les-orres-feeries-d-hiver-2025-1536x647.jpg 1536w, https:\/\/www.lajarbelle.com\/wp-content\/uploads\/2025\/11\/1920x1080-les-orres-feeries-d-hiver-2025-18x8.jpg 18w, https:\/\/www.lajarbelle.com\/wp-content\/uploads\/2025\/11\/1920x1080-les-orres-feeries-d-hiver-2025.jpg 1900w\" sizes=\"(max-width: 300px) 100vw, 300px\" \/><\/div><\/a>\n\t\t\t\t<div class=\"elementor-post__badge\">Attractions<\/div>\n\t\t\t\t<div class=\"elementor-post__text\">\n\t\t\t\t<h3 class=\"elementor-post__title\">\n\t\t\t<a href=\"https:\/\/www.lajarbelle.com\/index.php\/2025\/11\/04\/vivez-la-magie-des-fetes-de-fin-dannee-et-de-noel-aux-orres\/\" target=&quot;_blank&quot;>\n\t\t\t\tVivez la magie des f\u00eates de fin d&rsquo;ann\u00e9e et de No\u00ebl aux Orres\t\t\t<\/a>\n\t\t<\/h3>\n\t\t\t\t<div class=\"elementor-post__excerpt\">\n\t\t\t<p>Les F\u00e9eries d&rsquo;Hiver, ce sont des dizaines de moments magiques \u00e0 vivre : d\u00e9ambulations de Noel, lumi\u00e8res, spectacles de feu, arriv\u00e9e du P\u00e8re No\u00ebl (en<\/p>\n\t\t<\/div>\n\t\t\n\t\t<a class=\"elementor-post__read-more\" href=\"https:\/\/www.lajarbelle.com\/index.php\/2025\/11\/04\/vivez-la-magie-des-fetes-de-fin-dannee-et-de-noel-aux-orres\/\" aria-label=\"En savoir plus sur Vivez la magie des f\u00eates de fin d&rsquo;ann\u00e9e et de No\u00ebl aux Orres\" tabindex=\"-1\" target=\"_blank\">\n\t\t\tLire la suite \u00bb\t\t<\/a>\n\n\t\t\t\t<\/div>\n\t\t\t\t\t<\/div>\n\t\t<\/article>\n\t\t\t\t<article class=\"elementor-post elementor-grid-item post-9502 post type-post status-publish format-standard has-post-thumbnail hentry category-attractions category-culture-divertissements category-info-generale category-vacances tag-randonnees tag-spa tag-activites tag-bien-etre tag-concert-2 tag-ete tag-festival tag-montagne tag-vtt\" role=\"listitem\">\n\t\t\t<div class=\"elementor-post__card\">\n\t\t\t\t<a class=\"elementor-post__thumbnail__link\" href=\"https:\/\/www.lajarbelle.com\/index.php\/2025\/07\/26\/festival-game-of-trees-concerts-art-et-nature-au-coeur-des-montagnes-des-orres-du-31-juillet-au-3-aout-2025\/\" tabindex=\"-1\" target=\"_blank\"><div class=\"elementor-post__thumbnail\"><img decoding=\"async\" width=\"300\" height=\"200\" src=\"https:\/\/www.lajarbelle.com\/wp-content\/uploads\/2025\/07\/531228880697abb9f9b87o-300x200.jpg\" class=\"attachment-medium size-medium wp-image-9507\" alt=\"\" srcset=\"https:\/\/www.lajarbelle.com\/wp-content\/uploads\/2025\/07\/531228880697abb9f9b87o-300x200.jpg 300w, https:\/\/www.lajarbelle.com\/wp-content\/uploads\/2025\/07\/531228880697abb9f9b87o-1024x683.jpg 1024w, https:\/\/www.lajarbelle.com\/wp-content\/uploads\/2025\/07\/531228880697abb9f9b87o-768x512.jpg 768w, https:\/\/www.lajarbelle.com\/wp-content\/uploads\/2025\/07\/531228880697abb9f9b87o-18x12.jpg 18w, https:\/\/www.lajarbelle.com\/wp-content\/uploads\/2025\/07\/531228880697abb9f9b87o.jpg 1350w\" sizes=\"(max-width: 300px) 100vw, 300px\" \/><\/div><\/a>\n\t\t\t\t<div class=\"elementor-post__badge\">Attractions<\/div>\n\t\t\t\t<div class=\"elementor-post__text\">\n\t\t\t\t<h3 class=\"elementor-post__title\">\n\t\t\t<a href=\"https:\/\/www.lajarbelle.com\/index.php\/2025\/07\/26\/festival-game-of-trees-concerts-art-et-nature-au-coeur-des-montagnes-des-orres-du-31-juillet-au-3-aout-2025\/\" target=&quot;_blank&quot;>\n\t\t\t\tfestival Game of Trees : concerts, art et nature au c\u0153ur des montagnes des Orres du 31 juillet au 3 ao\u00fbt 2025\t\t\t<\/a>\n\t\t<\/h3>\n\t\t\t\t<div class=\"elementor-post__excerpt\">\n\t\t\t<p>DU JEUDI 31 JUILLET AU DIMANCHE 3 AO\u00dbT 2025 Le\u00a0festival Game Of Trees\u00a0est un festival\u00a0\u00e9clectique\u00a0et\u00a0\u00e0 taille humaine\u00a0o\u00f9\u00a0musique,\u00a0art,\u00a0sport et nature\u00a0se m\u00ealent pour donner vie \u00e0 une\u00a0aventure<\/p>\n\t\t<\/div>\n\t\t\n\t\t<a class=\"elementor-post__read-more\" href=\"https:\/\/www.lajarbelle.com\/index.php\/2025\/07\/26\/festival-game-of-trees-concerts-art-et-nature-au-coeur-des-montagnes-des-orres-du-31-juillet-au-3-aout-2025\/\" aria-label=\"En savoir plus sur festival Game of Trees : concerts, art et nature au c\u0153ur des montagnes des Orres du 31 juillet au 3 ao\u00fbt 2025\" tabindex=\"-1\" target=\"_blank\">\n\t\t\tLire la suite \u00bb\t\t<\/a>\n\n\t\t\t\t<\/div>\n\t\t\t\t\t<\/div>\n\t\t<\/article>\n\t\t\t\t<article class=\"elementor-post elementor-grid-item post-9490 post type-post status-publish format-standard has-post-thumbnail hentry category-culture-divertissements category-info-generale category-sports-ete category-vacances tag-randonnees tag-spa tag-activites tag-bien-etre tag-ete tag-montagne tag-vtt\" role=\"listitem\">\n\t\t\t<div class=\"elementor-post__card\">\n\t\t\t\t<a class=\"elementor-post__thumbnail__link\" href=\"https:\/\/www.lajarbelle.com\/index.php\/2025\/07\/18\/les-orres-accueille-la-coupe-deurope-de-vtt-descente-du-25-au-27-juillet-2025\/\" tabindex=\"-1\" target=\"_blank\"><div class=\"elementor-post__thumbnail\"><img loading=\"lazy\" decoding=\"async\" width=\"300\" height=\"215\" src=\"https:\/\/www.lajarbelle.com\/wp-content\/uploads\/2025\/07\/capture-d-ecran-2023-06-26-140158-300x215.png\" class=\"attachment-medium size-medium wp-image-9491\" alt=\"\" srcset=\"https:\/\/www.lajarbelle.com\/wp-content\/uploads\/2025\/07\/capture-d-ecran-2023-06-26-140158-300x215.png 300w, https:\/\/www.lajarbelle.com\/wp-content\/uploads\/2025\/07\/capture-d-ecran-2023-06-26-140158-18x12.png 18w, https:\/\/www.lajarbelle.com\/wp-content\/uploads\/2025\/07\/capture-d-ecran-2023-06-26-140158.png 698w\" sizes=\"(max-width: 300px) 100vw, 300px\" \/><\/div><\/a>\n\t\t\t\t<div class=\"elementor-post__badge\">Culture et divertissements<\/div>\n\t\t\t\t<div class=\"elementor-post__text\">\n\t\t\t\t<h3 class=\"elementor-post__title\">\n\t\t\t<a href=\"https:\/\/www.lajarbelle.com\/index.php\/2025\/07\/18\/les-orres-accueille-la-coupe-deurope-de-vtt-descente-du-25-au-27-juillet-2025\/\" target=&quot;_blank&quot;>\n\t\t\t\tLes Orres accueille la coupe d&rsquo;Europe de VTT DESCENTE\u00a0du 25 au 27 juillet 2025\t\t\t<\/a>\n\t\t<\/h3>\n\t\t\t\t<div class=\"elementor-post__excerpt\">\n\t\t\t<p>Du vendredi 25 au dimanche 27 juillet 2025 Ne manquez pas l&rsquo;\u00e9v\u00e9nement VTT de la saison : la 5\u00e8me manche de\u00a0l&rsquo;IXS European Downhill Cup.\u00a0Une comp\u00e9tition<\/p>\n\t\t<\/div>\n\t\t\n\t\t<a class=\"elementor-post__read-more\" href=\"https:\/\/www.lajarbelle.com\/index.php\/2025\/07\/18\/les-orres-accueille-la-coupe-deurope-de-vtt-descente-du-25-au-27-juillet-2025\/\" aria-label=\"En savoir plus sur Les Orres accueille la coupe d&rsquo;Europe de VTT DESCENTE\u00a0du 25 au 27 juillet 2025\" tabindex=\"-1\" target=\"_blank\">\n\t\t\tLire la suite \u00bb\t\t<\/a>\n\n\t\t\t\t<\/div>\n\t\t\t\t\t<\/div>\n\t\t<\/article>\n\t\t\t\t<article class=\"elementor-post elementor-grid-item post-9479 post type-post status-publish format-standard has-post-thumbnail hentry category-culture-divertissements category-info-generale category-sports-ete category-vacances tag-randonnees tag-activites tag-bien-etre tag-ete tag-montagne tag-piscine tag-spa-2 tag-vtt\" role=\"listitem\">\n\t\t\t<div class=\"elementor-post__card\">\n\t\t\t\t<a class=\"elementor-post__thumbnail__link\" href=\"https:\/\/www.lajarbelle.com\/index.php\/2025\/06\/30\/ete-2025_pass-multi-activites-de-20-activites-a-volonte-ou-a-tarif-reduit-aux-orres-cet-ete-la-jarbelle-participe\/\" tabindex=\"-1\" target=\"_blank\"><div class=\"elementor-post__thumbnail\"><img loading=\"lazy\" decoding=\"async\" width=\"300\" height=\"126\" src=\"https:\/\/www.lajarbelle.com\/wp-content\/uploads\/2025\/06\/pass-ete-2025-1900x800-1-300x126.png\" class=\"attachment-medium size-medium wp-image-9484\" alt=\"\" srcset=\"https:\/\/www.lajarbelle.com\/wp-content\/uploads\/2025\/06\/pass-ete-2025-1900x800-1-300x126.png 300w, https:\/\/www.lajarbelle.com\/wp-content\/uploads\/2025\/06\/pass-ete-2025-1900x800-1-1024x431.png 1024w, https:\/\/www.lajarbelle.com\/wp-content\/uploads\/2025\/06\/pass-ete-2025-1900x800-1-768x323.png 768w, https:\/\/www.lajarbelle.com\/wp-content\/uploads\/2025\/06\/pass-ete-2025-1900x800-1-1536x647.png 1536w, https:\/\/www.lajarbelle.com\/wp-content\/uploads\/2025\/06\/pass-ete-2025-1900x800-1-18x8.png 18w, https:\/\/www.lajarbelle.com\/wp-content\/uploads\/2025\/06\/pass-ete-2025-1900x800-1.png 1900w\" sizes=\"(max-width: 300px) 100vw, 300px\" \/><\/div><\/a>\n\t\t\t\t<div class=\"elementor-post__badge\">Culture et divertissements<\/div>\n\t\t\t\t<div class=\"elementor-post__text\">\n\t\t\t\t<h3 class=\"elementor-post__title\">\n\t\t\t<a href=\"https:\/\/www.lajarbelle.com\/index.php\/2025\/06\/30\/ete-2025_pass-multi-activites-de-20-activites-a-volonte-ou-a-tarif-reduit-aux-orres-cet-ete-la-jarbelle-participe\/\" target=&quot;_blank&quot;>\n\t\t\t\tEt\u00e9 2025_Pass multi-activit\u00e9s : + de 20 activit\u00e9s \u00e0 volont\u00e9 ou \u00e0 tarif r\u00e9duit aux Orres cet \u00e9t\u00e9 !          La Jarbelle participe !!\t\t\t<\/a>\n\t\t<\/h3>\n\t\t\t\t<div class=\"elementor-post__excerpt\">\n\t\t\t<p>Pass disponible du 28 juin au 31 ao\u00fbt 2025 Le\u00a0Pass multi-activit\u00e9s\u00a0: votre s\u00e9same pour des entr\u00e9es\u00a0gratuites\u00a0et des\u00a0r\u00e9ductions\u00a0sur plus de\u00a020 activit\u00e9s\u00a0en \u00e9t\u00e9 ! En famille, avec<\/p>\n\t\t<\/div>\n\t\t\n\t\t<a class=\"elementor-post__read-more\" href=\"https:\/\/www.lajarbelle.com\/index.php\/2025\/06\/30\/ete-2025_pass-multi-activites-de-20-activites-a-volonte-ou-a-tarif-reduit-aux-orres-cet-ete-la-jarbelle-participe\/\" aria-label=\"En savoir plus sur Et\u00e9 2025_Pass multi-activit\u00e9s : + de 20 activit\u00e9s \u00e0 volont\u00e9 ou \u00e0 tarif r\u00e9duit aux Orres cet \u00e9t\u00e9 !          La Jarbelle participe !!\" tabindex=\"-1\" target=\"_blank\">\n\t\t\tLire la suite \u00bb\t\t<\/a>\n\n\t\t\t\t<\/div>\n\t\t\t\t\t<\/div>\n\t\t<\/article>\n\t\t\t\t<article class=\"elementor-post elementor-grid-item post-9358 post type-post status-publish format-standard has-post-thumbnail hentry category-culture-divertissements category-info-generale category-sports-ete category-vacances\" role=\"listitem\">\n\t\t\t<div class=\"elementor-post__card\">\n\t\t\t\t<a class=\"elementor-post__thumbnail__link\" href=\"https:\/\/www.lajarbelle.com\/index.php\/2025\/05\/27\/les-orres-lancement-saison-ete\/\" tabindex=\"-1\" target=\"_blank\"><div class=\"elementor-post__thumbnail\"><img loading=\"lazy\" decoding=\"async\" width=\"300\" height=\"126\" src=\"https:\/\/www.lajarbelle.com\/wp-content\/uploads\/2025\/05\/evenement-ete-300x126.png\" class=\"attachment-medium size-medium wp-image-9359\" alt=\"\" srcset=\"https:\/\/www.lajarbelle.com\/wp-content\/uploads\/2025\/05\/evenement-ete-300x126.png 300w, https:\/\/www.lajarbelle.com\/wp-content\/uploads\/2025\/05\/evenement-ete-1024x431.png 1024w, https:\/\/www.lajarbelle.com\/wp-content\/uploads\/2025\/05\/evenement-ete-768x323.png 768w, https:\/\/www.lajarbelle.com\/wp-content\/uploads\/2025\/05\/evenement-ete-1536x647.png 1536w, https:\/\/www.lajarbelle.com\/wp-content\/uploads\/2025\/05\/evenement-ete-18x8.png 18w, https:\/\/www.lajarbelle.com\/wp-content\/uploads\/2025\/05\/evenement-ete.png 1900w\" sizes=\"(max-width: 300px) 100vw, 300px\" \/><\/div><\/a>\n\t\t\t\t<div class=\"elementor-post__badge\">Culture et divertissements<\/div>\n\t\t\t\t<div class=\"elementor-post__text\">\n\t\t\t\t<h3 class=\"elementor-post__title\">\n\t\t\t<a href=\"https:\/\/www.lajarbelle.com\/index.php\/2025\/05\/27\/les-orres-lancement-saison-ete\/\" target=&quot;_blank&quot;>\n\t\t\t\tLes temps forts de la saison d&rsquo;\u00e9t\u00e9 2025 aux Orres\t\t\t<\/a>\n\t\t<\/h3>\n\t\t\t\t<div class=\"elementor-post__excerpt\">\n\t\t\t<p>L&rsquo;\u00e9t\u00e9 approche \u00e0 grands pas et la station se pr\u00e9pare \u00e0 accueillir les groupes, randonneurs, passionn\u00e9s de nature et de sports pour une saison pleine<\/p>\n\t\t<\/div>\n\t\t\n\t\t<a class=\"elementor-post__read-more\" href=\"https:\/\/www.lajarbelle.com\/index.php\/2025\/05\/27\/les-orres-lancement-saison-ete\/\" aria-label=\"En savoir plus sur Les temps forts de la saison d&rsquo;\u00e9t\u00e9 2025 aux Orres\" tabindex=\"-1\" target=\"_blank\">\n\t\t\tLire la suite \u00bb\t\t<\/a>\n\n\t\t\t\t<\/div>\n\t\t\t\t\t<\/div>\n\t\t<\/article>\n\t\t\t\t<article class=\"elementor-post elementor-grid-item post-9137 post type-post status-publish format-standard has-post-thumbnail hentry category-culture-divertissements category-espace-detente tag-bien-etre tag-brunch tag-festival tag-harmonie tag-montagne tag-relaxation tag-yoga\" role=\"listitem\">\n\t\t\t<div class=\"elementor-post__card\">\n\t\t\t\t<a class=\"elementor-post__thumbnail__link\" href=\"https:\/\/www.lajarbelle.com\/index.php\/2025\/03\/14\/5-et-6-avril-2025-festival-pure-flow-la-jarbelle-participe-spa-yoga-et-brunch-au-programme\/\" tabindex=\"-1\" target=\"_blank\"><div class=\"elementor-post__thumbnail\"><img loading=\"lazy\" decoding=\"async\" width=\"300\" height=\"175\" src=\"https:\/\/www.lajarbelle.com\/wp-content\/uploads\/2025\/03\/festival-pure-flow-2025-300x175.jpg\" class=\"attachment-medium size-medium wp-image-9138\" alt=\"\" srcset=\"https:\/\/www.lajarbelle.com\/wp-content\/uploads\/2025\/03\/festival-pure-flow-2025-300x175.jpg 300w, https:\/\/www.lajarbelle.com\/wp-content\/uploads\/2025\/03\/festival-pure-flow-2025-1024x597.jpg 1024w, https:\/\/www.lajarbelle.com\/wp-content\/uploads\/2025\/03\/festival-pure-flow-2025-768x448.jpg 768w, https:\/\/www.lajarbelle.com\/wp-content\/uploads\/2025\/03\/festival-pure-flow-2025-18x12.jpg 18w, https:\/\/www.lajarbelle.com\/wp-content\/uploads\/2025\/03\/festival-pure-flow-2025.jpg 1200w\" sizes=\"(max-width: 300px) 100vw, 300px\" \/><\/div><\/a>\n\t\t\t\t<div class=\"elementor-post__badge\">Culture et divertissements<\/div>\n\t\t\t\t<div class=\"elementor-post__text\">\n\t\t\t\t<h3 class=\"elementor-post__title\">\n\t\t\t<a href=\"https:\/\/www.lajarbelle.com\/index.php\/2025\/03\/14\/5-et-6-avril-2025-festival-pure-flow-la-jarbelle-participe-spa-yoga-et-brunch-au-programme\/\" target=&quot;_blank&quot;>\n\t\t\t\t5 et 6 AVRIL 2025-FESTIVAL PURE FLOW &#8211; La Jarbelle participe !!! Spa, Yoga et Brunch au programme.\t\t\t<\/a>\n\t\t<\/h3>\n\t\t\t\t<div class=\"elementor-post__excerpt\">\n\t\t\t<p>JOURN\u00c9ES SP\u00c9CIALES SPA &amp; YOGA \u00c0 LA JARBELLE Hameau Les Ribes, Les Orres Les 5 et 6 avril 2025, l&rsquo;espace spa (bain nordique et sauna)<\/p>\n\t\t<\/div>\n\t\t\n\t\t<a class=\"elementor-post__read-more\" href=\"https:\/\/www.lajarbelle.com\/index.php\/2025\/03\/14\/5-et-6-avril-2025-festival-pure-flow-la-jarbelle-participe-spa-yoga-et-brunch-au-programme\/\" aria-label=\"En savoir plus sur 5 et 6 AVRIL 2025-FESTIVAL PURE FLOW &#8211; La Jarbelle participe !!! Spa, Yoga et Brunch au programme.\" tabindex=\"-1\" target=\"_blank\">\n\t\t\tLire la suite \u00bb\t\t<\/a>\n\n\t\t\t\t<\/div>\n\t\t\t\t\t<\/div>\n\t\t<\/article>\n\t\t\t\t<article class=\"elementor-post elementor-grid-item post-8977 post type-post status-publish format-standard has-post-thumbnail hentry category-attractions category-info-generale category-sports-hiver category-vacances tag-course tag-fun tag-hiver tag-neige tag-paret\" role=\"listitem\">\n\t\t\t<div class=\"elementor-post__card\">\n\t\t\t\t<a class=\"elementor-post__thumbnail__link\" href=\"https:\/\/www.lajarbelle.com\/index.php\/2025\/01\/18\/lancez-vous-dans-une-course-en-paret-samedi-1er-fevrier-2025-les-orres\/\" tabindex=\"-1\" target=\"_blank\"><div class=\"elementor-post__thumbnail\"><img loading=\"lazy\" decoding=\"async\" width=\"300\" height=\"225\" src=\"https:\/\/www.lajarbelle.com\/wp-content\/uploads\/2025\/01\/paret_luge_Aravis-300x225.webp\" class=\"attachment-medium size-medium wp-image-8979\" alt=\"\" srcset=\"https:\/\/www.lajarbelle.com\/wp-content\/uploads\/2025\/01\/paret_luge_Aravis-300x225.webp 300w, https:\/\/www.lajarbelle.com\/wp-content\/uploads\/2025\/01\/paret_luge_Aravis-1024x768.webp 1024w, https:\/\/www.lajarbelle.com\/wp-content\/uploads\/2025\/01\/paret_luge_Aravis-768x576.webp 768w, https:\/\/www.lajarbelle.com\/wp-content\/uploads\/2025\/01\/paret_luge_Aravis-1536x1152.webp 1536w, https:\/\/www.lajarbelle.com\/wp-content\/uploads\/2025\/01\/paret_luge_Aravis-16x12.webp 16w, https:\/\/www.lajarbelle.com\/wp-content\/uploads\/2025\/01\/paret_luge_Aravis.webp 1600w\" sizes=\"(max-width: 300px) 100vw, 300px\" \/><\/div><\/a>\n\t\t\t\t<div class=\"elementor-post__badge\">Attractions<\/div>\n\t\t\t\t<div class=\"elementor-post__text\">\n\t\t\t\t<h3 class=\"elementor-post__title\">\n\t\t\t<a href=\"https:\/\/www.lajarbelle.com\/index.php\/2025\/01\/18\/lancez-vous-dans-une-course-en-paret-samedi-1er-fevrier-2025-les-orres\/\" target=&quot;_blank&quot;>\n\t\t\t\tLANCEZ-VOUS DANS UNE COURSE EN PARET &#8211; Samedi 1er f\u00e9vrier 2025 &#8211; Les ORRES\t\t\t<\/a>\n\t\t<\/h3>\n\t\t\t\t<div class=\"elementor-post__excerpt\">\n\t\t\t<p>Samedi 1er f\u00e9vrier 2025 En collaboration avec&nbsp;Red Bull, enfourchez votre paret et foncez jusqu&rsquo;\u00e0 la ligne d&rsquo;arriv\u00e9e ! Une&nbsp;premi\u00e8re mondiale&nbsp;pour cette course fun et conviviale<\/p>\n\t\t<\/div>\n\t\t\n\t\t<a class=\"elementor-post__read-more\" href=\"https:\/\/www.lajarbelle.com\/index.php\/2025\/01\/18\/lancez-vous-dans-une-course-en-paret-samedi-1er-fevrier-2025-les-orres\/\" aria-label=\"En savoir plus sur LANCEZ-VOUS DANS UNE COURSE EN PARET &#8211; Samedi 1er f\u00e9vrier 2025 &#8211; Les ORRES\" tabindex=\"-1\" target=\"_blank\">\n\t\t\tLire la suite \u00bb\t\t<\/a>\n\n\t\t\t\t<\/div>\n\t\t\t\t\t<\/div>\n\t\t<\/article>\n\t\t\t\t<article class=\"elementor-post elementor-grid-item post-8937 post type-post status-publish format-standard has-post-thumbnail hentry category-attractions category-culture-divertissements category-info-generale category-sports-hiver category-vacances tag-alpes-du-sud tag-feerie-fetes tag-hiver tag-neige tag-noel-2\" role=\"listitem\">\n\t\t\t<div class=\"elementor-post__card\">\n\t\t\t\t<a class=\"elementor-post__thumbnail__link\" href=\"https:\/\/www.lajarbelle.com\/index.php\/2025\/01\/05\/nous-vous-souhaitons-une-tres-belle-annee-pour-2025\/\" tabindex=\"-1\" target=\"_blank\"><div class=\"elementor-post__thumbnail\"><img loading=\"lazy\" decoding=\"async\" width=\"300\" height=\"213\" src=\"https:\/\/www.lajarbelle.com\/wp-content\/uploads\/2025\/01\/bonne-annee-2025-300x213.png\" class=\"attachment-medium size-medium wp-image-8949\" alt=\"\" srcset=\"https:\/\/www.lajarbelle.com\/wp-content\/uploads\/2025\/01\/bonne-annee-2025-300x213.png 300w, https:\/\/www.lajarbelle.com\/wp-content\/uploads\/2025\/01\/bonne-annee-2025-768x544.png 768w, https:\/\/www.lajarbelle.com\/wp-content\/uploads\/2025\/01\/bonne-annee-2025-18x12.png 18w, https:\/\/www.lajarbelle.com\/wp-content\/uploads\/2025\/01\/bonne-annee-2025.png 838w\" sizes=\"(max-width: 300px) 100vw, 300px\" \/><\/div><\/a>\n\t\t\t\t<div class=\"elementor-post__badge\">Attractions<\/div>\n\t\t\t\t<div class=\"elementor-post__text\">\n\t\t\t\t<h3 class=\"elementor-post__title\">\n\t\t\t<a href=\"https:\/\/www.lajarbelle.com\/index.php\/2025\/01\/05\/nous-vous-souhaitons-une-tres-belle-annee-pour-2025\/\" target=&quot;_blank&quot;>\n\t\t\t\tNous vous souhaitons une tr\u00e8s belle ann\u00e9e pour 2025\t\t\t<\/a>\n\t\t<\/h3>\n\t\t\t\t<div class=\"elementor-post__excerpt\">\n\t\t\t\t\t<\/div>\n\t\t\n\t\t<a class=\"elementor-post__read-more\" href=\"https:\/\/www.lajarbelle.com\/index.php\/2025\/01\/05\/nous-vous-souhaitons-une-tres-belle-annee-pour-2025\/\" aria-label=\"En savoir plus sur Nous vous souhaitons une tr\u00e8s belle ann\u00e9e pour 2025\" tabindex=\"-1\" target=\"_blank\">\n\t\t\tLire la suite \u00bb\t\t<\/a>\n\n\t\t\t\t<\/div>\n\t\t\t\t\t<\/div>\n\t\t<\/article>\n\t\t\t\t<article class=\"elementor-post elementor-grid-item post-8403 post type-post status-publish format-standard has-post-thumbnail hentry category-attractions category-info-generale category-sports-ete\" role=\"listitem\">\n\t\t\t<div class=\"elementor-post__card\">\n\t\t\t\t<a class=\"elementor-post__thumbnail__link\" href=\"https:\/\/www.lajarbelle.com\/index.php\/2024\/09\/05\/les-orres-accueille-la-finale-de-la-coupe-de-france-skf-vtt-dhi-samedi-14-et-dimanche-15-septembre-2024\/\" tabindex=\"-1\" target=\"_blank\"><div class=\"elementor-post__thumbnail\"><img loading=\"lazy\" decoding=\"async\" width=\"300\" height=\"300\" src=\"https:\/\/www.lajarbelle.com\/wp-content\/uploads\/2024\/09\/coupe-de-france-vtt-300x300.jpg\" class=\"attachment-medium size-medium wp-image-8404\" alt=\"\" srcset=\"https:\/\/www.lajarbelle.com\/wp-content\/uploads\/2024\/09\/coupe-de-france-vtt-300x300.jpg 300w, https:\/\/www.lajarbelle.com\/wp-content\/uploads\/2024\/09\/coupe-de-france-vtt-150x150.jpg 150w, https:\/\/www.lajarbelle.com\/wp-content\/uploads\/2024\/09\/coupe-de-france-vtt-12x12.jpg 12w, https:\/\/www.lajarbelle.com\/wp-content\/uploads\/2024\/09\/coupe-de-france-vtt.jpg 650w\" sizes=\"(max-width: 300px) 100vw, 300px\" \/><\/div><\/a>\n\t\t\t\t<div class=\"elementor-post__badge\">Attractions<\/div>\n\t\t\t\t<div class=\"elementor-post__text\">\n\t\t\t\t<h3 class=\"elementor-post__title\">\n\t\t\t<a href=\"https:\/\/www.lajarbelle.com\/index.php\/2024\/09\/05\/les-orres-accueille-la-finale-de-la-coupe-de-france-skf-vtt-dhi-samedi-14-et-dimanche-15-septembre-2024\/\" target=&quot;_blank&quot;>\n\t\t\t\tLES ORRES ACCUEILLE\u00a0LA FINALE\u00a0DE LA COUPE DE FRANCE\u00a0SKF VTT DHI &#8211; <strong>SAMEDI 14 ET DIMANCHE 15 SEPTEMBRE 2024<\/strong>\t\t\t<\/a>\n\t\t<\/h3>\n\t\t\t\t<div class=\"elementor-post__excerpt\">\n\t\t\t<p>La&nbsp;finale&nbsp;de la&nbsp;Coupe de France de VTT de descente&nbsp;DHI&nbsp;(Downhill Individual) se d\u00e9roule \u00e0 la station des Orres. Les comp\u00e9titeurs devront rider sur la&nbsp;c\u00e9l\u00e8bre et exigeante piste<\/p>\n\t\t<\/div>\n\t\t\n\t\t<a class=\"elementor-post__read-more\" href=\"https:\/\/www.lajarbelle.com\/index.php\/2024\/09\/05\/les-orres-accueille-la-finale-de-la-coupe-de-france-skf-vtt-dhi-samedi-14-et-dimanche-15-septembre-2024\/\" aria-label=\"En savoir plus sur LES ORRES ACCUEILLE\u00a0LA FINALE\u00a0DE LA COUPE DE FRANCE\u00a0SKF VTT DHI &#8211; &lt;strong&gt;SAMEDI 14 ET DIMANCHE 15 SEPTEMBRE 2024&lt;\/strong&gt;\" tabindex=\"-1\" target=\"_blank\">\n\t\t\tLire la suite \u00bb\t\t<\/a>\n\n\t\t\t\t<\/div>\n\t\t\t\t\t<\/div>\n\t\t<\/article>\n\t\t\t\t<article class=\"elementor-post elementor-grid-item post-8334 post type-post status-publish format-standard has-post-thumbnail hentry category-attractions category-culture-divertissements category-info-generale tag-energies tag-festival tag-harmonie tag-musique\" role=\"listitem\">\n\t\t\t<div class=\"elementor-post__card\">\n\t\t\t\t<a class=\"elementor-post__thumbnail__link\" href=\"https:\/\/www.lajarbelle.com\/index.php\/2024\/07\/25\/rendez-vous-du-29-juillet-au-3-aout-2024-aux-orres-pour-la-3eme-edition-du-game-of-trees-festival\/\" tabindex=\"-1\" target=\"_blank\"><div class=\"elementor-post__thumbnail\"><img loading=\"lazy\" decoding=\"async\" width=\"300\" height=\"188\" src=\"https:\/\/www.lajarbelle.com\/wp-content\/uploads\/2024\/07\/affiche-512x320px_0-300x188.jpg\" class=\"attachment-medium size-medium wp-image-8337\" alt=\"\" srcset=\"https:\/\/www.lajarbelle.com\/wp-content\/uploads\/2024\/07\/affiche-512x320px_0-300x188.jpg 300w, https:\/\/www.lajarbelle.com\/wp-content\/uploads\/2024\/07\/affiche-512x320px_0-18x12.jpg 18w, https:\/\/www.lajarbelle.com\/wp-content\/uploads\/2024\/07\/affiche-512x320px_0.jpg 512w\" sizes=\"(max-width: 300px) 100vw, 300px\" \/><\/div><\/a>\n\t\t\t\t<div class=\"elementor-post__badge\">Attractions<\/div>\n\t\t\t\t<div class=\"elementor-post__text\">\n\t\t\t\t<h3 class=\"elementor-post__title\">\n\t\t\t<a href=\"https:\/\/www.lajarbelle.com\/index.php\/2024\/07\/25\/rendez-vous-du-29-juillet-au-3-aout-2024-aux-orres-pour-la-3eme-edition-du-game-of-trees-festival\/\" target=&quot;_blank&quot;>\n\t\t\t\tRendez-vous du 29 juillet au 3 ao\u00fbt 2024 aux Orres, pour la 3\u00e8me \u00e9dition du GAME OF TREES FESTIVAL.\t\t\t<\/a>\n\t\t<\/h3>\n\t\t\t\t<div class=\"elementor-post__excerpt\">\n\t\t\t<p>\ud83c\udfb6\u00a0FESTIVAL GAME OF TREES DU 29 JUILLET AU 3 AO\u00dbT 2024 Le\u00a0festival Game Of Trees\u00a0se niche en haut des plus beaux sommets. Venez\u00a0danser,\u00a0chanter\u00a0et\u00a0rire\u00a0au coeur des<\/p>\n\t\t<\/div>\n\t\t\n\t\t<a class=\"elementor-post__read-more\" href=\"https:\/\/www.lajarbelle.com\/index.php\/2024\/07\/25\/rendez-vous-du-29-juillet-au-3-aout-2024-aux-orres-pour-la-3eme-edition-du-game-of-trees-festival\/\" aria-label=\"En savoir plus sur Rendez-vous du 29 juillet au 3 ao\u00fbt 2024 aux Orres, pour la 3\u00e8me \u00e9dition du GAME OF TREES FESTIVAL.\" tabindex=\"-1\" target=\"_blank\">\n\t\t\tLire la suite \u00bb\t\t<\/a>\n\n\t\t\t\t<\/div>\n\t\t\t\t\t<\/div>\n\t\t<\/article>\n\t\t\t\t<article class=\"elementor-post elementor-grid-item post-8274 post type-post status-publish format-standard has-post-thumbnail hentry category-attractions category-espace-detente category-info-generale tag-detente tag-randonnees tag-sauna tag-spa tag-bien-etre tag-nature\" role=\"listitem\">\n\t\t\t<div class=\"elementor-post__card\">\n\t\t\t\t<a class=\"elementor-post__thumbnail__link\" href=\"https:\/\/www.lajarbelle.com\/index.php\/2024\/06\/27\/festival-detox-et-bien-etre-du-11-au-13-juillet\/\" tabindex=\"-1\" target=\"_blank\"><div class=\"elementor-post__thumbnail\"><img loading=\"lazy\" decoding=\"async\" width=\"300\" height=\"300\" src=\"https:\/\/www.lajarbelle.com\/wp-content\/uploads\/2024\/07\/festival-detox-ete-1080x1080-v2-300x300.png\" class=\"attachment-medium size-medium wp-image-8347\" alt=\"\" srcset=\"https:\/\/www.lajarbelle.com\/wp-content\/uploads\/2024\/07\/festival-detox-ete-1080x1080-v2-300x300.png 300w, https:\/\/www.lajarbelle.com\/wp-content\/uploads\/2024\/07\/festival-detox-ete-1080x1080-v2-150x150.png 150w, https:\/\/www.lajarbelle.com\/wp-content\/uploads\/2024\/07\/festival-detox-ete-1080x1080-v2-768x768.png 768w, https:\/\/www.lajarbelle.com\/wp-content\/uploads\/2024\/07\/festival-detox-ete-1080x1080-v2-12x12.png 12w, https:\/\/www.lajarbelle.com\/wp-content\/uploads\/2024\/07\/festival-detox-ete-1080x1080-v2.png 900w\" sizes=\"(max-width: 300px) 100vw, 300px\" \/><\/div><\/a>\n\t\t\t\t<div class=\"elementor-post__badge\">Attractions<\/div>\n\t\t\t\t<div class=\"elementor-post__text\">\n\t\t\t\t<h3 class=\"elementor-post__title\">\n\t\t\t<a href=\"https:\/\/www.lajarbelle.com\/index.php\/2024\/06\/27\/festival-detox-et-bien-etre-du-11-au-13-juillet\/\" target=&quot;_blank&quot;>\n\t\t\t\tFestival d\u00e9tox et bien-\u00eatre du 11 au 13 juillet\t\t\t<\/a>\n\t\t<\/h3>\n\t\t\t\t<div class=\"elementor-post__excerpt\">\n\t\t\t<p>DU 11 AU 13 JUILLET 2024 Pour sa 6\u00e8me \u00e9dition, le&nbsp;Festival D\u00e9tox &amp; Bien-\u00catre&nbsp;offre un moment de bien-\u00eatre et de d\u00e9tente aux participants. 3 jours<\/p>\n\t\t<\/div>\n\t\t\n\t\t<a class=\"elementor-post__read-more\" href=\"https:\/\/www.lajarbelle.com\/index.php\/2024\/06\/27\/festival-detox-et-bien-etre-du-11-au-13-juillet\/\" aria-label=\"En savoir plus sur Festival d\u00e9tox et bien-\u00eatre du 11 au 13 juillet\" tabindex=\"-1\" target=\"_blank\">\n\t\t\tLire la suite \u00bb\t\t<\/a>\n\n\t\t\t\t<\/div>\n\t\t\t\t\t<\/div>\n\t\t<\/article>\n\t\t\t\t<article class=\"elementor-post elementor-grid-item post-8221 post type-post status-publish format-standard has-post-thumbnail hentry category-attractions category-info-generale category-sports-ete category-vacances tag-descente tag-dh tag-enfant tag-ete tag-famille tag-fille tag-girly tag-hiver tag-montagne tag-ride tag-vtt\" role=\"listitem\">\n\t\t\t<div class=\"elementor-post__card\">\n\t\t\t\t<a class=\"elementor-post__thumbnail__link\" href=\"https:\/\/www.lajarbelle.com\/index.php\/2024\/05\/16\/week-end-douverture-rdv-le-15-juin-2024-et-girly-ride-2024-le-23-et-24-juin-2024\/\" tabindex=\"-1\" target=\"_blank\"><div class=\"elementor-post__thumbnail\"><img loading=\"lazy\" decoding=\"async\" width=\"300\" height=\"126\" src=\"https:\/\/www.lajarbelle.com\/wp-content\/uploads\/2024\/05\/pre-ouverture-15-juin-24-300x126.webp\" class=\"attachment-medium size-medium wp-image-8228\" alt=\"\" srcset=\"https:\/\/www.lajarbelle.com\/wp-content\/uploads\/2024\/05\/pre-ouverture-15-juin-24-300x126.webp 300w, https:\/\/www.lajarbelle.com\/wp-content\/uploads\/2024\/05\/pre-ouverture-15-juin-24-1024x431.webp 1024w, https:\/\/www.lajarbelle.com\/wp-content\/uploads\/2024\/05\/pre-ouverture-15-juin-24-768x323.webp 768w, https:\/\/www.lajarbelle.com\/wp-content\/uploads\/2024\/05\/pre-ouverture-15-juin-24-1536x647.webp 1536w, https:\/\/www.lajarbelle.com\/wp-content\/uploads\/2024\/05\/pre-ouverture-15-juin-24-18x8.webp 18w, https:\/\/www.lajarbelle.com\/wp-content\/uploads\/2024\/05\/pre-ouverture-15-juin-24.webp 1900w\" sizes=\"(max-width: 300px) 100vw, 300px\" \/><\/div><\/a>\n\t\t\t\t<div class=\"elementor-post__badge\">Attractions<\/div>\n\t\t\t\t<div class=\"elementor-post__text\">\n\t\t\t\t<h3 class=\"elementor-post__title\">\n\t\t\t<a href=\"https:\/\/www.lajarbelle.com\/index.php\/2024\/05\/16\/week-end-douverture-rdv-le-15-juin-2024-et-girly-ride-2024-le-23-et-24-juin-2024\/\" target=&quot;_blank&quot;>\n\t\t\t\tRDV LE 15 JUIN 2024 pour la pr\u00e9-ouverture du bike-Park de la station des Orres et le 23 et 24 JUIN pour la GIRLY RIDE 2024\t\t\t<\/a>\n\t\t<\/h3>\n\t\t\t\t<div class=\"elementor-post__excerpt\">\n\t\t\t<p>SAMEDI 15 ET DIMANCHE 16 JUIN 2024 L&rsquo;opening&nbsp;Les Orres Bike Park, c&rsquo;est l&rsquo;\u00e9chauffement avant la grande saison estivale! Rides avec le Ride&rsquo;n Crew, concert, animation<\/p>\n\t\t<\/div>\n\t\t\n\t\t<a class=\"elementor-post__read-more\" href=\"https:\/\/www.lajarbelle.com\/index.php\/2024\/05\/16\/week-end-douverture-rdv-le-15-juin-2024-et-girly-ride-2024-le-23-et-24-juin-2024\/\" aria-label=\"En savoir plus sur RDV LE 15 JUIN 2024 pour la pr\u00e9-ouverture du bike-Park de la station des Orres et le 23 et 24 JUIN pour la GIRLY RIDE 2024\" tabindex=\"-1\" target=\"_blank\">\n\t\t\tLire la suite \u00bb\t\t<\/a>\n\n\t\t\t\t<\/div>\n\t\t\t\t\t<\/div>\n\t\t<\/article>\n\t\t\t\t<article class=\"elementor-post elementor-grid-item post-7970 post type-post status-publish format-standard has-post-thumbnail hentry category-attractions category-culture-divertissements category-info-generale category-sports-hiver tag-enfant tag-famille tag-festival tag-hiver tag-neige\" role=\"listitem\">\n\t\t\t<div class=\"elementor-post__card\">\n\t\t\t\t<a class=\"elementor-post__thumbnail__link\" href=\"https:\/\/www.lajarbelle.com\/index.php\/2024\/01\/22\/festival-mini-kids-le-festival-des-tout-petits\/\" tabindex=\"-1\" target=\"_blank\"><div class=\"elementor-post__thumbnail\"><img loading=\"lazy\" decoding=\"async\" width=\"300\" height=\"210\" src=\"https:\/\/www.lajarbelle.com\/wp-content\/uploads\/2024\/01\/mini-kids-300x210.jpg\" class=\"attachment-medium size-medium wp-image-7971\" alt=\"\" srcset=\"https:\/\/www.lajarbelle.com\/wp-content\/uploads\/2024\/01\/mini-kids-300x210.jpg 300w, https:\/\/www.lajarbelle.com\/wp-content\/uploads\/2024\/01\/mini-kids-18x12.jpg 18w, https:\/\/www.lajarbelle.com\/wp-content\/uploads\/2024\/01\/mini-kids.jpg 400w\" sizes=\"(max-width: 300px) 100vw, 300px\" \/><\/div><\/a>\n\t\t\t\t<div class=\"elementor-post__badge\">Attractions<\/div>\n\t\t\t\t<div class=\"elementor-post__text\">\n\t\t\t\t<h3 class=\"elementor-post__title\">\n\t\t\t<a href=\"https:\/\/www.lajarbelle.com\/index.php\/2024\/01\/22\/festival-mini-kids-le-festival-des-tout-petits\/\" target=&quot;_blank&quot;>\n\t\t\t\tFestival Mini Kids : le festival des tout-petits ! Du 06 au 08 f\u00e9vrier 2024\u00a0\t\t\t<\/a>\n\t\t<\/h3>\n\t\t\t\t<div class=\"elementor-post__excerpt\">\n\t\t\t<p>Les enfants de 3 \u00e0 6 ans ont leur propre festival aux Orres ! Un programme sp\u00e9cialement con\u00e7us pour les&nbsp;familles, pour que vos moments de&nbsp;complicit\u00e9&nbsp;et<\/p>\n\t\t<\/div>\n\t\t\n\t\t<a class=\"elementor-post__read-more\" href=\"https:\/\/www.lajarbelle.com\/index.php\/2024\/01\/22\/festival-mini-kids-le-festival-des-tout-petits\/\" aria-label=\"En savoir plus sur Festival Mini Kids : le festival des tout-petits ! Du 06 au 08 f\u00e9vrier 2024\u00a0\" tabindex=\"-1\" target=\"_blank\">\n\t\t\tLire la suite \u00bb\t\t<\/a>\n\n\t\t\t\t<\/div>\n\t\t\t\t\t<\/div>\n\t\t<\/article>\n\t\t\t\t<article class=\"elementor-post elementor-grid-item post-7803 post type-post status-publish format-standard has-post-thumbnail hentry category-attractions category-culture-divertissements category-info-generale category-sports-hiver category-vacances tag-alpes-du-sud tag-feerie tag-feeries tag-fetes tag-hiver tag-neige tag-noel-2\" role=\"listitem\">\n\t\t\t<div class=\"elementor-post__card\">\n\t\t\t\t<a class=\"elementor-post__thumbnail__link\" href=\"https:\/\/www.lajarbelle.com\/index.php\/2023\/12\/17\/feeries-dhiver-aux-orres\/\" tabindex=\"-1\" target=\"_blank\"><div class=\"elementor-post__thumbnail\"><img loading=\"lazy\" decoding=\"async\" width=\"300\" height=\"210\" src=\"https:\/\/www.lajarbelle.com\/wp-content\/uploads\/2023\/12\/orres-sejour-noel-feerique-galerie3-300x210.jpg\" class=\"attachment-medium size-medium wp-image-7814\" alt=\"\" srcset=\"https:\/\/www.lajarbelle.com\/wp-content\/uploads\/2023\/12\/orres-sejour-noel-feerique-galerie3-300x210.jpg 300w, https:\/\/www.lajarbelle.com\/wp-content\/uploads\/2023\/12\/orres-sejour-noel-feerique-galerie3-18x12.jpg 18w, https:\/\/www.lajarbelle.com\/wp-content\/uploads\/2023\/12\/orres-sejour-noel-feerique-galerie3.jpg 400w\" sizes=\"(max-width: 300px) 100vw, 300px\" \/><\/div><\/a>\n\t\t\t\t<div class=\"elementor-post__badge\">Attractions<\/div>\n\t\t\t\t<div class=\"elementor-post__text\">\n\t\t\t\t<h3 class=\"elementor-post__title\">\n\t\t\t<a href=\"https:\/\/www.lajarbelle.com\/index.php\/2023\/12\/17\/feeries-dhiver-aux-orres\/\" target=&quot;_blank&quot;>\n\t\t\t\tF\u00c9ERIES D&rsquo;HIVER AUX ORRES DU 23 AU 29 DECEMBRE 2023\t\t\t<\/a>\n\t\t<\/h3>\n\t\t\t\t<div class=\"elementor-post__excerpt\">\n\t\t\t\t\t<\/div>\n\t\t\n\t\t<a class=\"elementor-post__read-more\" href=\"https:\/\/www.lajarbelle.com\/index.php\/2023\/12\/17\/feeries-dhiver-aux-orres\/\" aria-label=\"En savoir plus sur F\u00c9ERIES D&rsquo;HIVER AUX ORRES DU 23 AU 29 DECEMBRE 2023\" tabindex=\"-1\" target=\"_blank\">\n\t\t\tLire la suite \u00bb\t\t<\/a>\n\n\t\t\t\t<\/div>\n\t\t\t\t\t<\/div>\n\t\t<\/article>\n\t\t\t\t<article class=\"elementor-post elementor-grid-item post-7667 post type-post status-publish format-standard has-post-thumbnail hentry category-attractions category-info-generale category-sports-hiver category-vacances tag-alpes tag-alpes-du-sud tag-innovation tag-montagne tag-neige tag-paysage tag-piste\" role=\"listitem\">\n\t\t\t<div class=\"elementor-post__card\">\n\t\t\t\t<a class=\"elementor-post__thumbnail__link\" href=\"https:\/\/www.lajarbelle.com\/index.php\/2023\/11\/03\/test-ouverture\/\" tabindex=\"-1\" target=\"_blank\"><div class=\"elementor-post__thumbnail\"><img loading=\"lazy\" decoding=\"async\" width=\"300\" height=\"169\" src=\"https:\/\/www.lajarbelle.com\/wp-content\/uploads\/2023\/11\/les-orres-hiver-2023-2024-300x169.jpg\" class=\"attachment-medium size-medium wp-image-7649\" alt=\"\" srcset=\"https:\/\/www.lajarbelle.com\/wp-content\/uploads\/2023\/11\/les-orres-hiver-2023-2024-300x169.jpg 300w, https:\/\/www.lajarbelle.com\/wp-content\/uploads\/2023\/11\/les-orres-hiver-2023-2024-18x10.jpg 18w, https:\/\/www.lajarbelle.com\/wp-content\/uploads\/2023\/11\/les-orres-hiver-2023-2024.jpg 500w\" sizes=\"(max-width: 300px) 100vw, 300px\" \/><\/div><\/a>\n\t\t\t\t<div class=\"elementor-post__badge\">Attractions<\/div>\n\t\t\t\t<div class=\"elementor-post__text\">\n\t\t\t\t<h3 class=\"elementor-post__title\">\n\t\t\t<a href=\"https:\/\/www.lajarbelle.com\/index.php\/2023\/11\/03\/test-ouverture\/\" target=&quot;_blank&quot;>\n\t\t\t\tLA SAISON D&rsquo;HIVER APPROCHE ! OUVERTURE DE LA STATION LE 9 DECEMBRE 2023 !\u00a0\t\t\t<\/a>\n\t\t<\/h3>\n\t\t\t\t<div class=\"elementor-post__excerpt\">\n\t\t\t<p>SAISON 2023-2024 : DU SAMEDI 9 D\u00c9CEMBRE 2023 AU DIMANCHE 7 AVRIL 2024 La Jarbelle vous accueille \u00e0 partir du vendredi 8 d\u00e9cembre pour cette<\/p>\n\t\t<\/div>\n\t\t\n\t\t<a class=\"elementor-post__read-more\" href=\"https:\/\/www.lajarbelle.com\/index.php\/2023\/11\/03\/test-ouverture\/\" aria-label=\"En savoir plus sur LA SAISON D&rsquo;HIVER APPROCHE ! OUVERTURE DE LA STATION LE 9 DECEMBRE 2023 !\u00a0\" tabindex=\"-1\" target=\"_blank\">\n\t\t\tLire la suite \u00bb\t\t<\/a>\n\n\t\t\t\t<\/div>\n\t\t\t\t\t<\/div>\n\t\t<\/article>\n\t\t\t\t<article class=\"elementor-post elementor-grid-item post-7219 post type-post status-publish format-standard has-post-thumbnail hentry category-attractions category-info-generale category-vacances tag-enfant tag-famille tag-jeux\" role=\"listitem\">\n\t\t\t<div class=\"elementor-post__card\">\n\t\t\t\t<a class=\"elementor-post__thumbnail__link\" href=\"https:\/\/www.lajarbelle.com\/index.php\/2023\/06\/16\/festival-des-familles-en-orres-du-8-au-10-aout\/\" tabindex=\"-1\" target=\"_blank\"><div class=\"elementor-post__thumbnail\"><img loading=\"lazy\" decoding=\"async\" width=\"300\" height=\"126\" src=\"https:\/\/www.lajarbelle.com\/wp-content\/uploads\/2023\/06\/orres-festival-familles-orres-300x126.jpg\" class=\"attachment-medium size-medium wp-image-7234\" alt=\"\" srcset=\"https:\/\/www.lajarbelle.com\/wp-content\/uploads\/2023\/06\/orres-festival-familles-orres-300x126.jpg 300w, https:\/\/www.lajarbelle.com\/wp-content\/uploads\/2023\/06\/orres-festival-familles-orres-1024x431.jpg 1024w, https:\/\/www.lajarbelle.com\/wp-content\/uploads\/2023\/06\/orres-festival-familles-orres-768x323.jpg 768w, https:\/\/www.lajarbelle.com\/wp-content\/uploads\/2023\/06\/orres-festival-familles-orres-1536x647.jpg 1536w, https:\/\/www.lajarbelle.com\/wp-content\/uploads\/2023\/06\/orres-festival-familles-orres-18x8.jpg 18w, https:\/\/www.lajarbelle.com\/wp-content\/uploads\/2023\/06\/orres-festival-familles-orres.jpg 1900w\" sizes=\"(max-width: 300px) 100vw, 300px\" \/><\/div><\/a>\n\t\t\t\t<div class=\"elementor-post__badge\">Attractions<\/div>\n\t\t\t\t<div class=\"elementor-post__text\">\n\t\t\t\t<h3 class=\"elementor-post__title\">\n\t\t\t<a href=\"https:\/\/www.lajarbelle.com\/index.php\/2023\/06\/16\/festival-des-familles-en-orres-du-8-au-10-aout\/\" target=&quot;_blank&quot;>\n\t\t\t\tFESTIVAL DES FAMILLES EN&rsquo; ORRES du 8 au 10 ao\u00fbt\t\t\t<\/a>\n\t\t<\/h3>\n\t\t\t\t<div class=\"elementor-post__excerpt\">\n\t\t\t<p>DU 8 AU 10 AO\u00dbT 2023, UN FESTIVAL SP\u00c9CIAL FAMILLES ! \u00a9Les Orres \u00a9LesOrres Cette ann\u00e9e, pour la 10\u00e8me&nbsp;\u00e9dition&nbsp;du&nbsp;festival des familles en Orres,&nbsp;de nombreuses&nbsp;animations et<\/p>\n\t\t<\/div>\n\t\t\n\t\t<a class=\"elementor-post__read-more\" href=\"https:\/\/www.lajarbelle.com\/index.php\/2023\/06\/16\/festival-des-familles-en-orres-du-8-au-10-aout\/\" aria-label=\"En savoir plus sur FESTIVAL DES FAMILLES EN&rsquo; ORRES du 8 au 10 ao\u00fbt\" tabindex=\"-1\" target=\"_blank\">\n\t\t\tLire la suite \u00bb\t\t<\/a>\n\n\t\t\t\t<\/div>\n\t\t\t\t\t<\/div>\n\t\t<\/article>\n\t\t\t\t<article class=\"elementor-post elementor-grid-item post-7216 post type-post status-publish format-standard has-post-thumbnail hentry category-culture-divertissements category-info-generale tag-festival tag-harmonie\" role=\"listitem\">\n\t\t\t<div class=\"elementor-post__card\">\n\t\t\t\t<a class=\"elementor-post__thumbnail__link\" href=\"https:\/\/www.lajarbelle.com\/index.php\/2023\/06\/16\/festival-game-of-trees-du-31-juillet-au-4-aout\/\" tabindex=\"-1\" target=\"_blank\"><div class=\"elementor-post__thumbnail\"><img loading=\"lazy\" decoding=\"async\" width=\"300\" height=\"126\" src=\"https:\/\/www.lajarbelle.com\/wp-content\/uploads\/2023\/06\/couv-fb-300x126.png\" class=\"attachment-medium size-medium wp-image-7233\" alt=\"\" srcset=\"https:\/\/www.lajarbelle.com\/wp-content\/uploads\/2023\/06\/couv-fb-300x126.png 300w, https:\/\/www.lajarbelle.com\/wp-content\/uploads\/2023\/06\/couv-fb-1024x431.png 1024w, https:\/\/www.lajarbelle.com\/wp-content\/uploads\/2023\/06\/couv-fb-768x323.png 768w, https:\/\/www.lajarbelle.com\/wp-content\/uploads\/2023\/06\/couv-fb-1536x647.png 1536w, https:\/\/www.lajarbelle.com\/wp-content\/uploads\/2023\/06\/couv-fb-18x8.png 18w, https:\/\/www.lajarbelle.com\/wp-content\/uploads\/2023\/06\/couv-fb.png 1900w\" sizes=\"(max-width: 300px) 100vw, 300px\" \/><\/div><\/a>\n\t\t\t\t<div class=\"elementor-post__badge\">Culture et divertissements<\/div>\n\t\t\t\t<div class=\"elementor-post__text\">\n\t\t\t\t<h3 class=\"elementor-post__title\">\n\t\t\t<a href=\"https:\/\/www.lajarbelle.com\/index.php\/2023\/06\/16\/festival-game-of-trees-du-31-juillet-au-4-aout\/\" target=&quot;_blank&quot;>\n\t\t\t\tFESTIVAL GAME OF TREES du 31 juillet au 4 ao\u00fbt\t\t\t<\/a>\n\t\t<\/h3>\n\t\t\t\t<div class=\"elementor-post__excerpt\">\n\t\t\t<p>UN FESTIVAL SUR L&rsquo;HARMONIE ENTRE LES \u00caTRES HUMAINS ET LA NATURE Venez d\u00e9couvrir la 2e&nbsp;\u00e9dition du festival&nbsp;GAME OF TREES&nbsp;du 31 juillet au 04 ao\u00fbt 2023.<\/p>\n\t\t<\/div>\n\t\t\n\t\t<a class=\"elementor-post__read-more\" href=\"https:\/\/www.lajarbelle.com\/index.php\/2023\/06\/16\/festival-game-of-trees-du-31-juillet-au-4-aout\/\" aria-label=\"En savoir plus sur FESTIVAL GAME OF TREES du 31 juillet au 4 ao\u00fbt\" tabindex=\"-1\" target=\"_blank\">\n\t\t\tLire la suite \u00bb\t\t<\/a>\n\n\t\t\t\t<\/div>\n\t\t\t\t\t<\/div>\n\t\t<\/article>\n\t\t\t\t<\/div>\n\t\t\n\t\t\t\t\t\t<\/div>\n\t\t\t\t<\/div>\n\t\t\t\t\t<\/div>\n\t\t\t\t<\/div>\n\t\t\t\t<\/div>\n\t\t","protected":false},"excerpt":{"rendered":"<p>Suivez toutes les infos des Orres et du bassin de la Durance sur une seule page.<\/p>\n","protected":false},"author":1,"featured_media":0,"parent":4302,"menu_order":0,"comment_status":"closed","ping_status":"closed","template":"","meta":{"footnotes":""},"class_list":["post-3273","page","type-page","status-publish","hentry"],"yoast_head":"<!-- This site is optimized with the Yoast SEO Premium plugin v25.6 (Yoast SEO v27.4) - https:\/\/yoast.com\/product\/yoast-seo-premium-wordpress\/ -->\n<title>La Jarbelle - G\u00eetes et Spa - Infos des Orres. Les news n\u00e9cessaires<\/title>\n<meta name=\"description\" content=\"Suivez toutes news des Orres et de la r\u00e9gion. Les infos qu&#039;il vous faut pour passer un agr\u00e9able s\u00e9jour dans nos montagnes\" \/>\n<meta name=\"robots\" content=\"index, follow, max-snippet:-1, max-image-preview:large, max-video-preview:-1\" \/>\n<link rel=\"canonical\" href=\"https:\/\/www.lajarbelle.com\/index.php\/bienvenue-gite-la-jarbelle-les-orres\/news-2\/\" \/>\n<meta property=\"og:locale\" content=\"fr_FR\" \/>\n<meta property=\"og:type\" content=\"article\" \/>\n<meta property=\"og:title\" content=\"News\" \/>\n<meta property=\"og:description\" content=\"Suivez toutes news des Orres et de la r\u00e9gion. Les infos qu&#039;il vous faut pour passer un agr\u00e9able s\u00e9jour dans nos montagnes\" \/>\n<meta property=\"og:url\" content=\"https:\/\/www.lajarbelle.com\/index.php\/bienvenue-gite-la-jarbelle-les-orres\/news-2\/\" \/>\n<meta property=\"og:site_name\" content=\"La Jarbelle - G\u00eetes et Spa\" \/>\n<meta property=\"article:publisher\" content=\"https:\/\/www.facebook.com\/gitelajarbelle\" \/>\n<meta property=\"article:modified_time\" content=\"2022-12-10T16:45:01+00:00\" \/>\n<meta property=\"og:image\" content=\"https:\/\/www.lajarbelle.com\/wp-content\/uploads\/2019\/03\/Logo_Jarbelle_Definitif_Paysage_512.png\" \/>\n\t<meta property=\"og:image:width\" content=\"2820\" \/>\n\t<meta property=\"og:image:height\" content=\"2300\" \/>\n\t<meta property=\"og:image:type\" content=\"image\/png\" \/>\n<meta name=\"twitter:card\" content=\"summary_large_image\" \/>\n<meta name=\"twitter:site\" content=\"@lajarbelle\" \/>\n<meta name=\"twitter:label1\" content=\"Dur\u00e9e de lecture estim\u00e9e\" \/>\n\t<meta name=\"twitter:data1\" content=\"7 minutes\" \/>\n<script type=\"application\/ld+json\" class=\"yoast-schema-graph\">{\"@context\":\"https:\\\/\\\/schema.org\",\"@graph\":[{\"@type\":\"WebPage\",\"@id\":\"https:\\\/\\\/www.lajarbelle.com\\\/index.php\\\/bienvenue-gite-la-jarbelle-les-orres\\\/news-2\\\/\",\"url\":\"https:\\\/\\\/www.lajarbelle.com\\\/index.php\\\/bienvenue-gite-la-jarbelle-les-orres\\\/news-2\\\/\",\"name\":\"La Jarbelle - G\u00eetes et Spa - Infos des Orres. Les news n\u00e9cessaires\",\"isPartOf\":{\"@id\":\"https:\\\/\\\/www.lajarbelle.com\\\/#website\"},\"datePublished\":\"2019-10-15T15:43:15+00:00\",\"dateModified\":\"2022-12-10T16:45:01+00:00\",\"description\":\"Suivez toutes news des Orres et de la r\u00e9gion. Les infos qu'il vous faut pour passer un agr\u00e9able s\u00e9jour dans nos montagnes\",\"breadcrumb\":{\"@id\":\"https:\\\/\\\/www.lajarbelle.com\\\/index.php\\\/bienvenue-gite-la-jarbelle-les-orres\\\/news-2\\\/#breadcrumb\"},\"inLanguage\":\"fr-FR\",\"potentialAction\":[{\"@type\":\"ReadAction\",\"target\":[\"https:\\\/\\\/www.lajarbelle.com\\\/index.php\\\/bienvenue-gite-la-jarbelle-les-orres\\\/news-2\\\/\"]}]},{\"@type\":\"BreadcrumbList\",\"@id\":\"https:\\\/\\\/www.lajarbelle.com\\\/index.php\\\/bienvenue-gite-la-jarbelle-les-orres\\\/news-2\\\/#breadcrumb\",\"itemListElement\":[{\"@type\":\"ListItem\",\"position\":1,\"name\":\"Accueil\",\"item\":\"https:\\\/\\\/www.lajarbelle.com\\\/\"},{\"@type\":\"ListItem\",\"position\":2,\"name\":\"Accueil\",\"item\":\"https:\\\/\\\/www.lajarbelle.com\\\/\"},{\"@type\":\"ListItem\",\"position\":3,\"name\":\"News\"}]},{\"@type\":\"WebSite\",\"@id\":\"https:\\\/\\\/www.lajarbelle.com\\\/#website\",\"url\":\"https:\\\/\\\/www.lajarbelle.com\\\/\",\"name\":\"La Jarbelle - G\u00eetes et Spa\",\"description\":\"Le bien-\u00eatre \u00e0 la montagne\",\"publisher\":{\"@id\":\"https:\\\/\\\/www.lajarbelle.com\\\/#organization\"},\"potentialAction\":[{\"@type\":\"SearchAction\",\"target\":{\"@type\":\"EntryPoint\",\"urlTemplate\":\"https:\\\/\\\/www.lajarbelle.com\\\/?s={search_term_string}\"},\"query-input\":{\"@type\":\"PropertyValueSpecification\",\"valueRequired\":true,\"valueName\":\"search_term_string\"}}],\"inLanguage\":\"fr-FR\"},{\"@type\":\"Organization\",\"@id\":\"https:\\\/\\\/www.lajarbelle.com\\\/#organization\",\"name\":\"SAS LA JARBELLE\",\"url\":\"https:\\\/\\\/www.lajarbelle.com\\\/\",\"logo\":{\"@type\":\"ImageObject\",\"inLanguage\":\"fr-FR\",\"@id\":\"https:\\\/\\\/www.lajarbelle.com\\\/#\\\/schema\\\/logo\\\/image\\\/\",\"url\":\"https:\\\/\\\/www.lajarbelle.com\\\/wp-content\\\/uploads\\\/2020\\\/05\\\/icone_lajarbelle.png\",\"contentUrl\":\"https:\\\/\\\/www.lajarbelle.com\\\/wp-content\\\/uploads\\\/2020\\\/05\\\/icone_lajarbelle.png\",\"width\":250,\"height\":250,\"caption\":\"SAS LA JARBELLE\"},\"image\":{\"@id\":\"https:\\\/\\\/www.lajarbelle.com\\\/#\\\/schema\\\/logo\\\/image\\\/\"},\"sameAs\":[\"https:\\\/\\\/www.facebook.com\\\/gitelajarbelle\",\"https:\\\/\\\/x.com\\\/lajarbelle\",\"https:\\\/\\\/instagram.com\\\/gite_lajarbelle\",\"http:\\\/\\\/www.linkedin.com\\\/in\\\/guillaume-plisson-05200\",\"https:\\\/\\\/www.pinterest.fr\\\/lajarbelle\"]}]}<\/script>\n<!-- \/ Yoast SEO Premium plugin. -->","yoast_head_json":{"title":"La Jarbelle - G\u00eetes et Spa - Infos des Orres. Les news n\u00e9cessaires","description":"Suivez toutes news des Orres et de la r\u00e9gion. Les infos qu'il vous faut pour passer un agr\u00e9able s\u00e9jour dans nos montagnes","robots":{"index":"index","follow":"follow","max-snippet":"max-snippet:-1","max-image-preview":"max-image-preview:large","max-video-preview":"max-video-preview:-1"},"canonical":"https:\/\/www.lajarbelle.com\/index.php\/bienvenue-gite-la-jarbelle-les-orres\/news-2\/","og_locale":"fr_FR","og_type":"article","og_title":"News","og_description":"Suivez toutes news des Orres et de la r\u00e9gion. Les infos qu'il vous faut pour passer un agr\u00e9able s\u00e9jour dans nos montagnes","og_url":"https:\/\/www.lajarbelle.com\/index.php\/bienvenue-gite-la-jarbelle-les-orres\/news-2\/","og_site_name":"La Jarbelle - G\u00eetes et Spa","article_publisher":"https:\/\/www.facebook.com\/gitelajarbelle","article_modified_time":"2022-12-10T16:45:01+00:00","og_image":[{"width":2820,"height":2300,"url":"https:\/\/www.lajarbelle.com\/wp-content\/uploads\/2019\/03\/Logo_Jarbelle_Definitif_Paysage_512.png","type":"image\/png"}],"twitter_card":"summary_large_image","twitter_site":"@lajarbelle","twitter_misc":{"Dur\u00e9e de lecture estim\u00e9e":"7 minutes"},"schema":{"@context":"https:\/\/schema.org","@graph":[{"@type":"WebPage","@id":"https:\/\/www.lajarbelle.com\/index.php\/bienvenue-gite-la-jarbelle-les-orres\/news-2\/","url":"https:\/\/www.lajarbelle.com\/index.php\/bienvenue-gite-la-jarbelle-les-orres\/news-2\/","name":"La Jarbelle - G\u00eetes et Spa - Infos des Orres. Les news n\u00e9cessaires","isPartOf":{"@id":"https:\/\/www.lajarbelle.com\/#website"},"datePublished":"2019-10-15T15:43:15+00:00","dateModified":"2022-12-10T16:45:01+00:00","description":"Suivez toutes news des Orres et de la r\u00e9gion. Les infos qu'il vous faut pour passer un agr\u00e9able s\u00e9jour dans nos montagnes","breadcrumb":{"@id":"https:\/\/www.lajarbelle.com\/index.php\/bienvenue-gite-la-jarbelle-les-orres\/news-2\/#breadcrumb"},"inLanguage":"fr-FR","potentialAction":[{"@type":"ReadAction","target":["https:\/\/www.lajarbelle.com\/index.php\/bienvenue-gite-la-jarbelle-les-orres\/news-2\/"]}]},{"@type":"BreadcrumbList","@id":"https:\/\/www.lajarbelle.com\/index.php\/bienvenue-gite-la-jarbelle-les-orres\/news-2\/#breadcrumb","itemListElement":[{"@type":"ListItem","position":1,"name":"Accueil","item":"https:\/\/www.lajarbelle.com\/"},{"@type":"ListItem","position":2,"name":"Accueil","item":"https:\/\/www.lajarbelle.com\/"},{"@type":"ListItem","position":3,"name":"News"}]},{"@type":"WebSite","@id":"https:\/\/www.lajarbelle.com\/#website","url":"https:\/\/www.lajarbelle.com\/","name":"La Jarbelle - G\u00eetes et Spa","description":"Le bien-\u00eatre \u00e0 la montagne","publisher":{"@id":"https:\/\/www.lajarbelle.com\/#organization"},"potentialAction":[{"@type":"SearchAction","target":{"@type":"EntryPoint","urlTemplate":"https:\/\/www.lajarbelle.com\/?s={search_term_string}"},"query-input":{"@type":"PropertyValueSpecification","valueRequired":true,"valueName":"search_term_string"}}],"inLanguage":"fr-FR"},{"@type":"Organization","@id":"https:\/\/www.lajarbelle.com\/#organization","name":"SAS LA JARBELLE","url":"https:\/\/www.lajarbelle.com\/","logo":{"@type":"ImageObject","inLanguage":"fr-FR","@id":"https:\/\/www.lajarbelle.com\/#\/schema\/logo\/image\/","url":"https:\/\/www.lajarbelle.com\/wp-content\/uploads\/2020\/05\/icone_lajarbelle.png","contentUrl":"https:\/\/www.lajarbelle.com\/wp-content\/uploads\/2020\/05\/icone_lajarbelle.png","width":250,"height":250,"caption":"SAS LA JARBELLE"},"image":{"@id":"https:\/\/www.lajarbelle.com\/#\/schema\/logo\/image\/"},"sameAs":["https:\/\/www.facebook.com\/gitelajarbelle","https:\/\/x.com\/lajarbelle","https:\/\/instagram.com\/gite_lajarbelle","http:\/\/www.linkedin.com\/in\/guillaume-plisson-05200","https:\/\/www.pinterest.fr\/lajarbelle"]}]}},"_links":{"self":[{"href":"https:\/\/www.lajarbelle.com\/index.php\/wp-json\/wp\/v2\/pages\/3273","targetHints":{"allow":["GET"]}}],"collection":[{"href":"https:\/\/www.lajarbelle.com\/index.php\/wp-json\/wp\/v2\/pages"}],"about":[{"href":"https:\/\/www.lajarbelle.com\/index.php\/wp-json\/wp\/v2\/types\/page"}],"author":[{"embeddable":true,"href":"https:\/\/www.lajarbelle.com\/index.php\/wp-json\/wp\/v2\/users\/1"}],"replies":[{"embeddable":true,"href":"https:\/\/www.lajarbelle.com\/index.php\/wp-json\/wp\/v2\/comments?post=3273"}],"version-history":[{"count":12,"href":"https:\/\/www.lajarbelle.com\/index.php\/wp-json\/wp\/v2\/pages\/3273\/revisions"}],"predecessor-version":[{"id":7206,"href":"https:\/\/www.lajarbelle.com\/index.php\/wp-json\/wp\/v2\/pages\/3273\/revisions\/7206"}],"up":[{"embeddable":true,"href":"https:\/\/www.lajarbelle.com\/index.php\/wp-json\/wp\/v2\/pages\/4302"}],"wp:attachment":[{"href":"https:\/\/www.lajarbelle.com\/index.php\/wp-json\/wp\/v2\/media?parent=3273"}],"curies":[{"name":"wp","href":"https:\/\/api.w.org\/{rel}","templated":true}]}}